{"id":35,"date":"2026-03-06T12:54:04","date_gmt":"2026-03-06T15:54:04","guid":{"rendered":"https:\/\/cidadeemalta.com.br\/pagina-inicial\/"},"modified":"2026-08-12T16:57:54","modified_gmt":"2026-08-12T19:57:54","slug":"pagina-inicial","status":"publish","type":"page","link":"https:\/\/cidadeemalta.com.br\/en\/","title":{"rendered":"P\u00e1gina Inicial"},"content":{"rendered":"\n<div class=\"inherit-container-width wp-block-group alignfull is-style-ext-preset--group--natural-1--section ext-animate--on has-tertiary-background-color has-background is-layout-constrained wp-container-core-group-is-layout-df95c0ba wp-block-group-is-layout-constrained\" id=\"blog\" style=\"margin-top:0;margin-bottom:0;padding-top:var(--wp--preset--spacing--70);padding-bottom:var(--wp--preset--spacing--70)\">\n<div class=\"wp-block-group alignwide ext-is-logical-start is-content-justification-left is-layout-constrained wp-container-core-group-is-layout-25692f89 wp-block-group-is-layout-constrained\">\n<h2 class=\"wp-block-heading ext-animate--on\">Not\u00edcias de Cruz Alta e Regi\u00e3o<\/h2>\n\n\n\n<p class=\"wp-block-paragraph\">Acompanhe as principais not\u00edcias de Cruz Alta, com informa\u00e7\u00f5es da regi\u00e3o, seguran\u00e7a, pol\u00edtica, eventos e os assuntos que movimentam a comunidade.<\/p>\n<\/div>\n\n\n\n<div data-wp-context=\"{}\" data-wp-interactive=\"core\/query\" data-wp-key=\"10\" data-wp-router-region=\"query-10\" class=\"wp-block-query alignwide ext-animate--on is-layout-flow wp-block-query-is-layout-flow\"><ul class=\"columns-3 has-native-responsive-grid wp-block-post-template is-layout-grid wp-container-core-post-template-is-layout-8ab6f94a wp-block-post-template-is-layout-grid\"><li data-wp-key=\"post-template-item-497\" class=\"wp-block-post post-497 post type-post status-publish format-standard has-post-thumbnail hentry category-cruz-alta category-seguranca\">\n\n<div class=\"wp-block-group is-style-ext-preset--group--natural-1--item-card-1--align-start ext-animate--on is-layout-constrained wp-block-group-is-layout-constrained\"><figure class=\"wp-block-post-featured-image\"><a href=\"https:\/\/cidadeemalta.com.br\/en\/cruz-alta-avanca-como-centro-de-formacao-em-seguranca-publica-com-formatura-de-180-bombeiros-temporarios\/\" target=\"_self\" ><img loading=\"lazy\" decoding=\"async\" width=\"1254\" height=\"1254\" src=\"https:\/\/cidadeemalta.com.br\/wp-content\/uploads\/2026\/08\/image-14.png\" class=\"attachment-post-thumbnail size-post-thumbnail wp-post-image\" alt=\"CRUZ ALTA AVAN\u00c7A COMO CENTRO DE FORMA\u00c7\u00c3O EM SEGURAN\u00c7A P\u00daBLICA COM FORMATURA DE 180 BOMBEIROS TEMPOR\u00c1RIOS\" style=\"aspect-ratio:4\/3;width:100%;object-fit:cover;\" srcset=\"https:\/\/cidadeemalta.com.br\/wp-content\/uploads\/2026\/08\/image-14.png 1254w, https:\/\/cidadeemalta.com.br\/wp-content\/uploads\/2026\/08\/image-14-300x300.png 300w, https:\/\/cidadeemalta.com.br\/wp-content\/uploads\/2026\/08\/image-14-150x150.png 150w, https:\/\/cidadeemalta.com.br\/wp-content\/uploads\/2026\/08\/image-14-768x768.png 768w, https:\/\/cidadeemalta.com.br\/wp-content\/uploads\/2026\/08\/image-14-1024x1024.png 1024w, https:\/\/cidadeemalta.com.br\/wp-content\/uploads\/2026\/08\/image-14-12x12.png 12w\" sizes=\"auto, (max-width: 1254px) 100vw, 1254px\" \/><\/a><\/figure>\n\n\n<div class=\"wp-block-group is-style-default ext-animate--on is-layout-constrained wp-block-group-is-layout-constrained\"><h4 style=\"font-size:1.5rem;margin-top:8px;margin-bottom:8px\" class=\"wp-block-post-title\"><a href=\"https:\/\/cidadeemalta.com.br\/en\/cruz-alta-avanca-como-centro-de-formacao-em-seguranca-publica-com-formatura-de-180-bombeiros-temporarios\/\" target=\"_self\" >CRUZ ALTA AVAN\u00c7A COMO CENTRO DE FORMA\u00c7\u00c3O EM SEGURAN\u00c7A P\u00daBLICA COM FORMATURA DE 180 BOMBEIROS TEMPOR\u00c1RIOS<\/a><\/h4><\/div>\n<\/div>\n\n<\/li><li data-wp-key=\"post-template-item-493\" class=\"wp-block-post post-493 post type-post status-publish format-standard has-post-thumbnail hentry category-comunidade category-cruz-alta category-politica category-seguranca\">\n\n<div class=\"wp-block-group is-style-ext-preset--group--natural-1--item-card-1--align-start ext-animate--on is-layout-constrained wp-block-group-is-layout-constrained\"><figure class=\"wp-block-post-featured-image\"><a href=\"https:\/\/cidadeemalta.com.br\/en\/o-vereador-joao-paulo-telles-participou-nesta-segunda-feira-24-de-evento-realizado-na-casa-de-cultura-de-cruz-alta-reunindo-autoridades-liderancas-e-a-comunidade\/\" target=\"_self\" ><img loading=\"lazy\" decoding=\"async\" width=\"800\" height=\"450\" src=\"https:\/\/cidadeemalta.com.br\/wp-content\/uploads\/2026\/08\/SITE-RADIO-CIDADE-POSTAGEM-NOTICIAS-16.png\" class=\"attachment-post-thumbnail size-post-thumbnail wp-post-image\" alt=\"O vereador Jo\u00e3o Paulo Telles participou nesta segunda-feira (24) de evento realizado na Casa de Cultura de Cruz Alta, reunindo autoridades, lideran\u00e7as e a comunidade.\" style=\"aspect-ratio:4\/3;width:100%;object-fit:cover;\" srcset=\"https:\/\/cidadeemalta.com.br\/wp-content\/uploads\/2026\/08\/SITE-RADIO-CIDADE-POSTAGEM-NOTICIAS-16.png 800w, https:\/\/cidadeemalta.com.br\/wp-content\/uploads\/2026\/08\/SITE-RADIO-CIDADE-POSTAGEM-NOTICIAS-16-300x169.png 300w, https:\/\/cidadeemalta.com.br\/wp-content\/uploads\/2026\/08\/SITE-RADIO-CIDADE-POSTAGEM-NOTICIAS-16-768x432.png 768w, https:\/\/cidadeemalta.com.br\/wp-content\/uploads\/2026\/08\/SITE-RADIO-CIDADE-POSTAGEM-NOTICIAS-16-18x10.png 18w\" sizes=\"auto, (max-width: 800px) 100vw, 800px\" \/><\/a><\/figure>\n\n\n<div class=\"wp-block-group is-style-default ext-animate--on is-layout-constrained wp-block-group-is-layout-constrained\"><h4 style=\"font-size:1.5rem;margin-top:8px;margin-bottom:8px\" class=\"wp-block-post-title\"><a href=\"https:\/\/cidadeemalta.com.br\/en\/o-vereador-joao-paulo-telles-participou-nesta-segunda-feira-24-de-evento-realizado-na-casa-de-cultura-de-cruz-alta-reunindo-autoridades-liderancas-e-a-comunidade\/\" target=\"_self\" >O vereador Jo\u00e3o Paulo Telles participou nesta segunda-feira (24) de evento realizado na Casa de Cultura de Cruz Alta, reunindo autoridades, lideran\u00e7as e a comunidade.<\/a><\/h4><\/div>\n<\/div>\n\n<\/li><li data-wp-key=\"post-template-item-486\" class=\"wp-block-post post-486 post type-post status-publish format-standard has-post-thumbnail hentry category-comunidade category-cruz-alta category-sem-categoria\">\n\n<div class=\"wp-block-group is-style-ext-preset--group--natural-1--item-card-1--align-start ext-animate--on is-layout-constrained wp-block-group-is-layout-constrained\"><figure class=\"wp-block-post-featured-image\"><a href=\"https:\/\/cidadeemalta.com.br\/en\/486-2\/\" target=\"_self\" ><img loading=\"lazy\" decoding=\"async\" width=\"2042\" height=\"1223\" src=\"https:\/\/cidadeemalta.com.br\/wp-content\/uploads\/2026\/08\/image-13.png\" class=\"attachment-post-thumbnail size-post-thumbnail wp-post-image\" alt=\"Untitled post 486\" style=\"aspect-ratio:4\/3;width:100%;object-fit:cover;\" srcset=\"https:\/\/cidadeemalta.com.br\/wp-content\/uploads\/2026\/08\/image-13.png 2042w, https:\/\/cidadeemalta.com.br\/wp-content\/uploads\/2026\/08\/image-13-300x180.png 300w, https:\/\/cidadeemalta.com.br\/wp-content\/uploads\/2026\/08\/image-13-766x459.png 766w, https:\/\/cidadeemalta.com.br\/wp-content\/uploads\/2026\/08\/image-13-1024x613.png 1024w, https:\/\/cidadeemalta.com.br\/wp-content\/uploads\/2026\/08\/image-13-18x11.png 18w, https:\/\/cidadeemalta.com.br\/wp-content\/uploads\/2026\/08\/image-13-1536x920.png 1536w\" sizes=\"auto, (max-width: 2042px) 100vw, 2042px\" \/><\/a><\/figure>\n\n\n<div class=\"wp-block-group is-style-default ext-animate--on is-layout-constrained wp-block-group-is-layout-constrained\"><\/div>\n<\/div>\n\n<\/li><\/ul>\n\n<\/div>\n\n\n\n<div class=\"wp-block-buttons alignwide ext-animate--on is-layout-flex wp-block-buttons-is-layout-flex\">\n<div class=\"wp-block-button is-style-ext-preset--button--natural-1--button-1 ext-animate--on\"><a class=\"wp-block-button__link wp-element-button\" href=\"https:\/\/cidadeemalta.com.br\/blog\">Confira tudo<\/a><\/div>\n<\/div>\n<\/div>\n\n\n\n<div class=\"wp-block-query is-layout-flow wp-block-query-is-layout-flow\"><\/div>\n\n\n\n<div class=\"wp-block-query is-layout-flow wp-block-query-is-layout-flow\"><\/div>\n\n\n<div class=\"cff-wrapper\">\t<div id=\"cff-visual-header-860204290833858\" class=\"cff-visual-header cff-has-name cff-has-about\">\n\t\t\t\t\t\t<div class=\"cff-header-inner-wrap\">\n\t\t\t\t\t\t<div class=\"cff-header-text\" >\n\n\t\t\t\t\t\t\t<a href=\"https:\/\/facebook.com\/860204290833858\" target=\"_blank\" rel=\"nofollow noopener\" title=\"\" class=\"cff-header-name\"><h3 style=\"font-size:inheritpx;\"><\/h3><\/a>\n\t\t\t\t\t\t\t\t\t\t\t\t<\/div>\n\t\t<\/div>\n\t<\/div>\n<div class=\"cff-wrapper-ctn \" ><div id=\"cff\"  class=\"cff cff-list-container  cff-default-styles  cff-mob-cols-1 cff-tab-cols-1\"   style=\"width:100%;\"   data-char=\"400\"  data-cff-flags=\"gdpr\" ><div class=\"cff-error-msg\">\n\t<div>\n\t\t<i class=\"fa fa-lock\" aria-hidden=\"true\" style=\"margin-right: 5px;\"><\/i><b>This message is only visible to admins.<\/b><br\/>\n\t\tProblem displaying Facebook posts. Backup cache in use.\t\t\t\t\t<br\/><a href=\"javascript:void(0);\" id=\"cff-show-error\" onclick=\"cffShowError()\">Click to show error<\/a>\n\t\t\t<script type=\"text\/javascript\">function cffShowError() { document.getElementById(\"cff-error-reason\").style.display = \"block\"; document.getElementById(\"cff-show-error\").style.display = \"none\"; }<\/script>\n\t\t\t<\/div>\n\t\t\t<div id=\"cff-error-reason\">\n\t\t\t\t\t\t\t\t\t<b>Error:<\/b> Error validating access token: The session has been invalidated because the user changed their password or Facebook has changed the session for security reasons.\t\t\t\t\t\t\t\t\t\t\t\t\t<b>Type:<\/b> OAuthException\t\t\t\t\t\t\t\t\t\t\t\t\t\t\t\t\t\t\t\t\t\t\t\t\t\t\t\t\n\t\t\t<\/div>\n\t\t\t\t\n<\/div>\n<div class=\"cff-posts-wrap\">\n<div class=\"cff-likebox cff-bottom\" >\n\t\t<iframe title=\"Likebox Iframe\" src=\"\" class=\"fb_iframe_widget\" data-likebox-id=\"860204290833858\" data-likebox-width=\"300\" data-likebox-header=\"\" data-hide-cover=\"\" data-hide-cta=\"\" data-likebox-faces=\"\" data-height=\"130\" data-locale=\"en_US\" scrolling=\"no\" allowTransparency=\"true\" allow=\"encrypted-media\" ><\/iframe>\n<\/div>\n<\/div><input class=\"cff-pag-url\" type=\"hidden\" data-locatornonce=\"624c18f98b\" data-cff-shortcode=\"{&quot;feed&quot;: &quot;1&quot;}\" data-post-id=\"35\" data-feed-id=\"860204290833858\"><\/div><\/div><div class=\"cff-clear\"><\/div><\/div>\n\n\n\n<div class=\"inherit-container-width wp-block-group alignfull is-style-ext-preset--group--natural-1--section has-background-background-color has-background is-layout-constrained wp-container-core-group-is-layout-b363e43f wp-block-group-is-layout-constrained\" style=\"margin-top:0;margin-bottom:0;padding-top:0;padding-right:0;padding-bottom:0;padding-left:0\">\n<div class=\"wp-block-cover alignfull is-style-ext-preset--cover--natural-1--cover-overlay-1\" style=\"padding-top:var(--wp--preset--spacing--70);padding-right:var(--wp--preset--spacing--30);padding-bottom:var(--wp--preset--spacing--70);padding-left:var(--wp--preset--spacing--30)\"><img loading=\"lazy\" decoding=\"async\" width=\"961\" height=\"1440\" class=\"wp-block-cover__image-background wp-image-58\" alt=\"\" src=\"http:\/\/cidadeemalta.com.br\/wp-content\/uploads\/2026\/03\/b3b4baa606791f4b59bca73b7c28ed619863dc71.jpg\" data-object-fit=\"cover\" srcset=\"https:\/\/cidadeemalta.com.br\/wp-content\/uploads\/2026\/03\/b3b4baa606791f4b59bca73b7c28ed619863dc71.jpg 961w, https:\/\/cidadeemalta.com.br\/wp-content\/uploads\/2026\/03\/b3b4baa606791f4b59bca73b7c28ed619863dc71-200x300.jpg 200w, https:\/\/cidadeemalta.com.br\/wp-content\/uploads\/2026\/03\/b3b4baa606791f4b59bca73b7c28ed619863dc71-683x1024.jpg 683w, https:\/\/cidadeemalta.com.br\/wp-content\/uploads\/2026\/03\/b3b4baa606791f4b59bca73b7c28ed619863dc71-768x1151.jpg 768w\" sizes=\"auto, (max-width: 961px) 100vw, 961px\" \/><span aria-hidden=\"true\" class=\"wp-block-cover__background has-background-dim-80 has-background-dim\" style=\"background-color:#010101\"><\/span><div class=\"wp-block-cover__inner-container is-layout-constrained wp-container-core-cover-is-layout-dfb83fb0 wp-block-cover-is-layout-constrained\">\n<div class=\"wp-block-group alignwide is-vertical is-content-justification-center is-layout-flex wp-container-core-group-is-layout-106ddfc6 wp-block-group-is-layout-flex\">\n<div class=\"wp-block-group is-layout-constrained wp-container-core-group-is-layout-0d2e87cd wp-block-group-is-layout-constrained\">\n<h2 class=\"wp-block-heading has-text-align-center ext-animate--on\">Not\u00edcias locais confi\u00e1veis e atualizadas<\/h2>\n\n\n\n<p class=\"has-text-align-center ext-animate--on wp-block-paragraph\">Fique por dentro das not\u00edcias e eventos de Cruz Alta. Assine nossa newsletter para receber conte\u00fados exclusivos e participe ativamente da comunidade.<\/p>\n<\/div>\n\n\n\n<div class=\"wp-block-buttons is-layout-flex wp-block-buttons-is-layout-flex\">\n<div class=\"wp-block-button is-style-ext-preset--button--natural-1--button-1\"><a class=\"wp-block-button__link wp-element-button\" href=\"https:\/\/cidadeemalta.com.br\/contato\">Saiba Mais<\/a><\/div>\n<\/div>\n<\/div>\n<\/div><\/div>\n<\/div>\n\n\n\n<div class=\"inherit-container-width wp-block-group alignfull is-style-ext-preset--group--natural-1--section has-tertiary-background-color has-background is-layout-constrained wp-container-core-group-is-layout-df95c0ba wp-block-group-is-layout-constrained\" id=\"recursos\" style=\"margin-top:0;margin-bottom:0;padding-top:var(--wp--preset--spacing--70);padding-bottom:var(--wp--preset--spacing--70)\">\n<h2 class=\"wp-block-heading has-text-align-center ext-animate--on\">Sua fonte confi\u00e1vel de not\u00edcias e atualiza\u00e7\u00f5es locais<\/h2>\n\n\n\n<p class=\"has-text-align-center ext-animate--on wp-block-paragraph\" style=\"margin-top:1.5rem\">Descubra o que faz da Cidade Em Alta a plataforma essencial para not\u00edcias e informa\u00e7\u00f5es da regi\u00e3o de Cruz Alta.<\/p>\n\n\n\n<div class=\"wp-block-columns alignwide is-layout-flex wp-container-core-columns-is-layout-d9ad523d wp-block-columns-is-layout-flex\">\n<div class=\"wp-block-column ext-animate--on is-layout-flow wp-block-column-is-layout-flow\">\n<div class=\"wp-block-group is-style-ext-preset--group--natural-1--item-card-1--align-center is-layout-constrained wp-block-group-is-layout-constrained\">\n<figure class=\"wp-block-image\"><img loading=\"lazy\" decoding=\"async\" width=\"1440\" height=\"1079\" src=\"http:\/\/cidadeemalta.com.br\/wp-content\/uploads\/2026\/03\/79c1d1e8ad9c9f6c4ef14a191c3b83e0ab931479.jpg\" alt=\"\" class=\"wp-image-63\" style=\"aspect-ratio:4\/3;object-fit:cover\" srcset=\"https:\/\/cidadeemalta.com.br\/wp-content\/uploads\/2026\/03\/79c1d1e8ad9c9f6c4ef14a191c3b83e0ab931479.jpg 1440w, https:\/\/cidadeemalta.com.br\/wp-content\/uploads\/2026\/03\/79c1d1e8ad9c9f6c4ef14a191c3b83e0ab931479-300x225.jpg 300w, https:\/\/cidadeemalta.com.br\/wp-content\/uploads\/2026\/03\/79c1d1e8ad9c9f6c4ef14a191c3b83e0ab931479-1024x767.jpg 1024w, https:\/\/cidadeemalta.com.br\/wp-content\/uploads\/2026\/03\/79c1d1e8ad9c9f6c4ef14a191c3b83e0ab931479-768x575.jpg 768w\" sizes=\"auto, (max-width: 1440px) 100vw, 1440px\" \/><\/figure>\n\n\n\n<div class=\"wp-block-group is-style-default is-layout-constrained wp-block-group-is-layout-constrained\">\n<h3 class=\"wp-block-heading has-text-align-center\">Jornalismo Local<\/h3>\n\n\n\n<p class=\"has-text-align-center wp-block-paragraph\">Cobertura profunda e imparcial das not\u00edcias que impactam sua comunidade.<\/p>\n<\/div>\n<\/div>\n<\/div>\n\n\n\n<div class=\"wp-block-column ext-animate--on is-layout-flow wp-block-column-is-layout-flow\">\n<div class=\"wp-block-group is-style-ext-preset--group--natural-1--item-card-1--align-center is-layout-constrained wp-block-group-is-layout-constrained\">\n<figure class=\"wp-block-image\"><img loading=\"lazy\" decoding=\"async\" width=\"1280\" height=\"800\" src=\"http:\/\/cidadeemalta.com.br\/wp-content\/uploads\/2026\/03\/da903a79718ae252117e79bfee394d97c2d745ad.jpg\" alt=\"\" class=\"wp-image-79\" style=\"aspect-ratio:4\/3;object-fit:cover\" srcset=\"https:\/\/cidadeemalta.com.br\/wp-content\/uploads\/2026\/03\/da903a79718ae252117e79bfee394d97c2d745ad.jpg 1280w, https:\/\/cidadeemalta.com.br\/wp-content\/uploads\/2026\/03\/da903a79718ae252117e79bfee394d97c2d745ad-300x188.jpg 300w, https:\/\/cidadeemalta.com.br\/wp-content\/uploads\/2026\/03\/da903a79718ae252117e79bfee394d97c2d745ad-1024x640.jpg 1024w, https:\/\/cidadeemalta.com.br\/wp-content\/uploads\/2026\/03\/da903a79718ae252117e79bfee394d97c2d745ad-768x480.jpg 768w\" sizes=\"auto, (max-width: 1280px) 100vw, 1280px\" \/><\/figure>\n\n\n\n<div class=\"wp-block-group is-style-default is-layout-constrained wp-block-group-is-layout-constrained\">\n<h3 class=\"wp-block-heading has-text-align-center\">Atualiza\u00e7\u00f5es Comunit\u00e1rias<\/h3>\n\n\n\n<p class=\"has-text-align-center wp-block-paragraph\">Informa\u00e7\u00f5es em tempo real sobre eventos e iniciativas na sua cidade.<\/p>\n<\/div>\n<\/div>\n<\/div>\n\n\n\n<div class=\"wp-block-column ext-animate--on is-layout-flow wp-block-column-is-layout-flow\">\n<div class=\"wp-block-group is-style-ext-preset--group--natural-1--item-card-1--align-center is-layout-constrained wp-block-group-is-layout-constrained\">\n<figure class=\"wp-block-image\"><img loading=\"lazy\" decoding=\"async\" width=\"1280\" height=\"853\" src=\"http:\/\/cidadeemalta.com.br\/wp-content\/uploads\/2026\/03\/b4179a88fc3e93c755cc32d3dba02101c532713b.jpg\" alt=\"\" class=\"wp-image-80\" style=\"aspect-ratio:4\/3;object-fit:cover\" srcset=\"https:\/\/cidadeemalta.com.br\/wp-content\/uploads\/2026\/03\/b4179a88fc3e93c755cc32d3dba02101c532713b.jpg 1280w, https:\/\/cidadeemalta.com.br\/wp-content\/uploads\/2026\/03\/b4179a88fc3e93c755cc32d3dba02101c532713b-300x200.jpg 300w, https:\/\/cidadeemalta.com.br\/wp-content\/uploads\/2026\/03\/b4179a88fc3e93c755cc32d3dba02101c532713b-1024x682.jpg 1024w, https:\/\/cidadeemalta.com.br\/wp-content\/uploads\/2026\/03\/b4179a88fc3e93c755cc32d3dba02101c532713b-768x512.jpg 768w\" sizes=\"auto, (max-width: 1280px) 100vw, 1280px\" \/><\/figure>\n\n\n\n<div class=\"wp-block-group is-style-default is-layout-constrained wp-block-group-is-layout-constrained\">\n<h3 class=\"wp-block-heading has-text-align-center\">Transmiss\u00e3o ao Vivo<\/h3>\n\n\n\n<p class=\"has-text-align-center wp-block-paragraph\">R\u00e1dio e reportagens diretamente para voc\u00ea, conectando voz e informa\u00e7\u00e3o.<\/p>\n<\/div>\n<\/div>\n<\/div>\n<\/div>\n<\/div>\n\n\n\n<div class=\"inherit-container-width wp-block-group alignfull is-style-ext-preset--group--natural-1--section has-background-background-color has-background is-layout-constrained wp-container-core-group-is-layout-df95c0ba wp-block-group-is-layout-constrained\" id=\"perguntas-frequentes\" style=\"margin-top:0;margin-bottom:0;padding-top:var(--wp--preset--spacing--70);padding-bottom:var(--wp--preset--spacing--70)\">\n<h2 class=\"wp-block-heading has-text-align-center\">Not\u00edcias em destaque de Cruz Alta e regi\u00e3o diariamente<\/h2>\n\n\n\n<p class=\"has-text-align-center ext-animate--on wp-block-paragraph\" style=\"margin-top:1.5rem\">Aqui voc\u00ea encontra respostas claras para suas d\u00favidas mais comuns, facilitando o acesso r\u00e1pido \u00e0s informa\u00e7\u00f5es essenciais.<\/p>\n\n\n\n<div class=\"wp-block-group alignwide is-content-justification-center is-layout-constrained wp-container-core-group-is-layout-89721599 wp-block-group-is-layout-constrained\">\n<div class=\"wp-block-group is-style-ext-preset--group--natural-1--item-card-1--align-start ext-animate--on is-layout-flow wp-block-group-is-layout-flow\">\n<div class=\"wp-block-group is-style-default is-layout-flow wp-block-group-is-layout-flow\">\n<h3 class=\"wp-block-heading\">Como acompanho as \u00faltimas not\u00edcias locais?<\/h3>\n\n\n\n<p class=\"wp-block-paragraph\">Basta acessar nossa p\u00e1gina inicial, onde atualizamos as manchetes diariamente.<\/p>\n<\/div>\n<\/div>\n\n\n\n<div class=\"wp-block-group is-style-ext-preset--group--natural-1--item-card-1--align-start ext-animate--on is-layout-flow wp-block-group-is-layout-flow\">\n<div class=\"wp-block-group is-style-default is-layout-flow wp-block-group-is-layout-flow\">\n<h3 class=\"wp-block-heading\">Quais tipos de conte\u00fado est\u00e3o dispon\u00edveis na plataforma?<\/h3>\n\n\n\n<p class=\"wp-block-paragraph\">Oferecemos jornalismo, atualiza\u00e7\u00f5es comunit\u00e1rias, reportagens, transmiss\u00f5es de r\u00e1dio e informa\u00e7\u00f5es da regi\u00e3o.<\/p>\n<\/div>\n<\/div>\n\n\n\n<div class=\"wp-block-group is-style-ext-preset--group--natural-1--item-card-1--align-start ext-animate--on is-layout-flow wp-block-group-is-layout-flow\">\n<div class=\"wp-block-group is-style-default is-layout-flow wp-block-group-is-layout-flow\">\n<h3 class=\"wp-block-heading\">Como posso ouvir as transmiss\u00f5es de r\u00e1dio ao vivo?<\/h3>\n\n\n\n<p class=\"wp-block-paragraph\">Voc\u00ea pode sintonizar diretamente no site, na se\u00e7\u00e3o de r\u00e1dio, dispon\u00edvel 24 horas.<\/p>\n<\/div>\n<\/div>\n\n\n\n<div class=\"wp-block-group is-style-ext-preset--group--natural-1--item-card-1--align-start ext-animate--on is-layout-flow wp-block-group-is-layout-flow\">\n<div class=\"wp-block-group is-style-default is-layout-flow wp-block-group-is-layout-flow\">\n<h3 class=\"wp-block-heading\">Posso enviar sugest\u00f5es ou not\u00edcias para publica\u00e7\u00e3o?<\/h3>\n\n\n\n<p class=\"wp-block-paragraph\">Sim, usamos canais de contato para receber e avaliar contribui\u00e7\u00f5es da comunidade.<\/p>\n<\/div>\n<\/div>\n<\/div>\n<\/div>\n\n\n\n<div class=\"inherit-container-width wp-block-group alignfull is-style-ext-preset--group--natural-1--section ext-animate--on has-tertiary-background-color has-background is-layout-constrained wp-block-group-is-layout-constrained\" id=\"contato\" style=\"margin-top:0;margin-bottom:0;padding-top:var(--wp--preset--spacing--70);padding-bottom:var(--wp--preset--spacing--70)\">\n<div class=\"wp-block-media-text alignwide is-stacked-on-mobile is-image-fill-element is-style-ext-preset--media-text--natural-1--card-1 ext-animate--on has-background-background-color has-background\" style=\"grid-template-columns:48% auto\"><figure class=\"wp-block-media-text__media\"><img loading=\"lazy\" decoding=\"async\" width=\"1440\" height=\"960\" src=\"http:\/\/cidadeemalta.com.br\/wp-content\/uploads\/2026\/03\/b328d15b0a7d93be0c7775a0f84c9c554bc01ad9.jpg\" alt=\"\" class=\"wp-image-64 size-full\" style=\"object-position:50% 50%\" srcset=\"https:\/\/cidadeemalta.com.br\/wp-content\/uploads\/2026\/03\/b328d15b0a7d93be0c7775a0f84c9c554bc01ad9.jpg 1440w, https:\/\/cidadeemalta.com.br\/wp-content\/uploads\/2026\/03\/b328d15b0a7d93be0c7775a0f84c9c554bc01ad9-300x200.jpg 300w, https:\/\/cidadeemalta.com.br\/wp-content\/uploads\/2026\/03\/b328d15b0a7d93be0c7775a0f84c9c554bc01ad9-1024x683.jpg 1024w, https:\/\/cidadeemalta.com.br\/wp-content\/uploads\/2026\/03\/b328d15b0a7d93be0c7775a0f84c9c554bc01ad9-768x512.jpg 768w\" sizes=\"auto, (max-width: 1440px) 100vw, 1440px\" \/><\/figure><div class=\"wp-block-media-text__content\">\n<div class=\"wp-block-group alignwide ext-animate--on is-layout-constrained wp-container-core-group-is-layout-8f983e0e wp-block-group-is-layout-constrained\" style=\"padding-top:var(--wp--preset--spacing--55);padding-right:var(--wp--preset--spacing--55);padding-bottom:var(--wp--preset--spacing--55);padding-left:var(--wp--preset--spacing--55)\"><div class=\"wpforms-container wpforms-block wpforms-block-406c62bf-d413-4f54-9e34-6ea96a36e1dd wpforms-render-modern\" id=\"wpforms-31\"><form id=\"wpforms-form-31\" class=\"wpforms-validate wpforms-form wpforms-ajax-form\" data-formid=\"31\" method=\"post\" enctype=\"multipart\/form-data\" action=\"\/en\/wp-json\/wp\/v2\/pages\/35\" data-token=\"4e5fc9db54a0be67e6549ea8630fa144\" data-token-time=\"1788399507\"><noscript class=\"wpforms-error-noscript\">Please enable JavaScript in your browser to complete this form.<\/noscript><div id=\"wpforms-error-noscript\" style=\"display: none;\">Please enable JavaScript in your browser to complete this form.<\/div><div class=\"wpforms-field-container\"><div id=\"wpforms-31-field_1-container\" class=\"wpforms-field wpforms-field-name\" data-field-id=\"1\"><label class=\"wpforms-field-label\" for=\"wpforms-31-field_1\">Nome <span class=\"wpforms-required-label\" aria-hidden=\"true\">*<\/span><\/label><input type=\"text\" id=\"wpforms-31-field_1\" class=\"wpforms-field-large wpforms-field-required\" name=\"wpforms[fields][1]\" aria-errormessage=\"wpforms-31-field_1-error\" required><\/div><div id=\"wpforms-31-field_2-container\" class=\"wpforms-field wpforms-field-email\" data-field-id=\"2\"><label class=\"wpforms-field-label\" for=\"wpforms-31-field_2\">E-mail <span class=\"wpforms-required-label\" aria-hidden=\"true\">*<\/span><\/label><input type=\"email\" id=\"wpforms-31-field_2\" class=\"wpforms-field-large wpforms-field-required\" name=\"wpforms[fields][2]\" spellcheck=\"false\" aria-errormessage=\"wpforms-31-field_2-error\" required><\/div><div id=\"wpforms-31-field_3-container\" class=\"wpforms-field wpforms-field-text\" data-field-id=\"3\"><label class=\"wpforms-field-label\" for=\"wpforms-31-field_3\">Assunto<\/label><input type=\"text\" id=\"wpforms-31-field_3\" class=\"wpforms-field-large\" name=\"wpforms[fields][3]\" aria-errormessage=\"wpforms-31-field_3-error\" ><\/div>\t\t<div id=\"wpforms-31-field_5-container\"\n\t\t\tclass=\"wpforms-field wpforms-field-text\"\n\t\t\tdata-field-type=\"text\"\n\t\t\tdata-field-id=\"5\"\n\t\t\t>\n\t\t\t<label class=\"wpforms-field-label\" for=\"wpforms-31-field_5\" >Assunto Mensagem E-mail<\/label>\n\t\t\t<input type=\"text\" id=\"wpforms-31-field_5\" class=\"wpforms-field-medium\" name=\"wpforms[fields][5]\" >\n\t\t<\/div>\n\t\t<div id=\"wpforms-31-field_4-container\" class=\"wpforms-field wpforms-field-textarea\" data-field-id=\"4\"><label class=\"wpforms-field-label\" for=\"wpforms-31-field_4\">Mensagem <span class=\"wpforms-required-label\" aria-hidden=\"true\">*<\/span><\/label><textarea id=\"wpforms-31-field_4\" class=\"wpforms-field-large wpforms-field-required\" name=\"wpforms[fields][4]\" aria-errormessage=\"wpforms-31-field_4-error\" required><\/textarea><\/div><script>\n\t\t\t\t( function() {\n\t\t\t\t\tconst style = document.createElement( 'style' );\n\t\t\t\t\tstyle.appendChild( document.createTextNode( '#wpforms-31-field_5-container { position: absolute !important; overflow: hidden !important; display: inline !important; height: 1px !important; width: 1px !important; z-index: -1000 !important; padding: 0 !important; } #wpforms-31-field_5-container input { visibility: hidden; } #wpforms-conversational-form-page #wpforms-31-field_5-container label { counter-increment: none; }' ) );\n\t\t\t\t\tdocument.head.appendChild( style );\n\t\t\t\t\tdocument.currentScript?.remove();\n\t\t\t\t} )();\n\t\t\t<\/script><\/div><!-- .wpforms-field-container --><div class=\"wpforms-submit-container\" ><input type=\"hidden\" name=\"wpforms[id]\" value=\"31\"><input type=\"hidden\" name=\"page_title\" value=\"\"><input type=\"hidden\" name=\"page_url\" value=\"https:\/\/cidadeemalta.com.br\/en\/wp-json\/wp\/v2\/pages\/35\"><input type=\"hidden\" name=\"url_referer\" value=\"\"><button type=\"submit\" name=\"wpforms[submit]\" id=\"wpforms-submit-31\" class=\"wpforms-submit\" data-alt-text=\"Enviando\u2026\" data-submit-text=\"Enviar\" aria-live=\"assertive\" value=\"wpforms-submit\">Enviar<\/button><img loading=\"lazy\" decoding=\"async\" src=\"https:\/\/cidadeemalta.com.br\/wp-content\/plugins\/wpforms-lite\/assets\/images\/submit-spin.svg\" class=\"wpforms-submit-spinner\" style=\"display: none;\" width=\"26\" height=\"26\" alt=\"Loading\"><\/div><\/form><\/div>  <!-- .wpforms-container --><\/div>\n<\/div><\/div>\n<\/div>\n\n\n\n<pre class=\"wp-block-code\"><code><\/code><\/pre>\n","protected":false},"excerpt":{"rendered":"<p>Not\u00edcias de Cruz Alta e Regi\u00e3o Acompanhe as principais not\u00edcias de Cruz Alta, com informa\u00e7\u00f5es da regi\u00e3o, seguran\u00e7a, pol\u00edtica, eventos [&hellip;]<\/p>\n","protected":false},"author":1,"featured_media":0,"parent":0,"menu_order":0,"comment_status":"closed","ping_status":"closed","template":"","meta":{"_uag_custom_page_level_css":"","_monsterinsights_skip_tracking":false,"_uf_show_specific_survey":0,"_uf_disable_surveys":false,"site-sidebar-layout":"default","site-content-layout":"","ast-site-content-layout":"default","site-content-style":"default","site-sidebar-style":"default","ast-global-header-display":"","ast-banner-title-visibility":"disabled","ast-main-header-display":"","ast-hfb-above-header-display":"","ast-hfb-below-header-display":"","ast-hfb-mobile-header-display":"","site-post-title":"","ast-breadcrumbs-content":"","ast-featured-img":"","footer-sml-layout":"","ast-disable-related-posts":"","theme-transparent-header-meta":"","adv-header-id-meta":"","stick-header-meta":"","header-above-stick-meta":"","header-main-stick-meta":"","header-below-stick-meta":"","astra-migrate-meta-layouts":"default","ast-page-background-enabled":"default","ast-page-background-meta":{"desktop":{"background-color":"var(--ast-global-color-5)","background-image":"","background-repeat":"repeat","background-position":"center center","background-size":"auto","background-attachment":"scroll","background-type":"","background-media":"","overlay-type":"","overlay-color":"","overlay-opacity":"","overlay-gradient":""},"tablet":{"background-color":"","background-image":"","background-repeat":"repeat","background-position":"center center","background-size":"auto","background-attachment":"scroll","background-type":"","background-media":"","overlay-type":"","overlay-color":"","overlay-opacity":"","overlay-gradient":""},"mobile":{"background-color":"","background-image":"","background-repeat":"repeat","background-position":"center center","background-size":"auto","background-attachment":"scroll","background-type":"","background-media":"","overlay-type":"","overlay-color":"","overlay-opacity":"","overlay-gradient":""}},"ast-content-background-meta":{"desktop":{"background-color":"var(--ast-global-color-4)","background-image":"","background-repeat":"repeat","background-position":"center center","background-size":"auto","background-attachment":"scroll","background-type":"","background-media":"","overlay-type":"","overlay-color":"","overlay-opacity":"","overlay-gradient":""},"tablet":{"background-color":"var(--ast-global-color-4)","background-image":"","background-repeat":"repeat","background-position":"center center","background-size":"auto","background-attachment":"scroll","background-type":"","background-media":"","overlay-type":"","overlay-color":"","overlay-opacity":"","overlay-gradient":""},"mobile":{"background-color":"var(--ast-global-color-4)","background-image":"","background-repeat":"repeat","background-position":"center center","background-size":"auto","background-attachment":"scroll","background-type":"","background-media":"","overlay-type":"","overlay-color":"","overlay-opacity":"","overlay-gradient":""}},"footnotes":""},"class_list":["post-35","page","type-page","status-publish","hentry"],"aioseo_notices":[],"uagb_featured_image_src":{"full":false,"thumbnail":false,"medium":false,"medium_large":false,"large":false,"1536x1536":false,"2048x2048":false,"trp-custom-language-flag":false},"uagb_author_info":{"display_name":"Adeildo Bueno | Cidade em Alta","author_link":"https:\/\/cidadeemalta.com.br\/en\/author\/cidadeemalta2026\/"},"uagb_comment_info":0,"uagb_excerpt":"Not\u00edcias de Cruz Alta e Regi\u00e3o Acompanhe as principais not\u00edcias de Cruz Alta, com informa\u00e7\u00f5es da regi\u00e3o, seguran\u00e7a, pol\u00edtica, eventos [&hellip;]","_links":{"self":[{"href":"https:\/\/cidadeemalta.com.br\/en\/wp-json\/wp\/v2\/pages\/35","targetHints":{"allow":["GET"]}}],"collection":[{"href":"https:\/\/cidadeemalta.com.br\/en\/wp-json\/wp\/v2\/pages"}],"about":[{"href":"https:\/\/cidadeemalta.com.br\/en\/wp-json\/wp\/v2\/types\/page"}],"author":[{"embeddable":true,"href":"https:\/\/cidadeemalta.com.br\/en\/wp-json\/wp\/v2\/users\/1"}],"replies":[{"embeddable":true,"href":"https:\/\/cidadeemalta.com.br\/en\/wp-json\/wp\/v2\/comments?post=35"}],"version-history":[{"count":19,"href":"https:\/\/cidadeemalta.com.br\/en\/wp-json\/wp\/v2\/pages\/35\/revisions"}],"predecessor-version":[{"id":484,"href":"https:\/\/cidadeemalta.com.br\/en\/wp-json\/wp\/v2\/pages\/35\/revisions\/484"}],"wp:attachment":[{"href":"https:\/\/cidadeemalta.com.br\/en\/wp-json\/wp\/v2\/media?parent=35"}],"curies":[{"name":"wp","href":"https:\/\/api.w.org\/{rel}","templated":true}]}}