{"id":271,"date":"2026-04-15T21:15:40","date_gmt":"2026-04-16T00:15:40","guid":{"rendered":"https:\/\/cidadeemalta.com.br\/?page_id=271"},"modified":"2026-04-15T22:42:04","modified_gmt":"2026-04-16T01:42:04","slug":"pagina-inicial-2","status":"publish","type":"page","link":"https:\/\/cidadeemalta.com.br\/en\/pagina-inicial-2\/","title":{"rendered":"CIDADE EM ALTA \u2013 NOT\u00cdCIAS DE CRUZ ALTA E REGI\u00c3O"},"content":{"rendered":"<div class=\"wp-block-uagb-post-grid uagb-post-grid  uagb-post__image-position-top uagb-post__image-enabled uagb-block-10501b04     uagb-post__items uagb-post__columns-3 is-grid uagb-post__columns-tablet-2 uagb-post__columns-mobile-1 uagb-post__equal-height\" data-total=\"8\" style=\"\">\n\n\t\t\t\t\t\t\t\t\t\t\t\t<article class=\"uagb-post__inner-wrap\">\t\t\t\t\t\t\t\t<div class='uagb-post__image'>\n\t\t\t\t\t\t\t\t\t<a href=\"https:\/\/cidadeemalta.com.br\/en\/cruz-alta-avanca-como-centro-de-formacao-em-seguranca-publica-com-formatura-de-180-bombeiros-temporarios\/\" target=\"_self\" rel=\"bookmark noopener noreferrer\" class='uagb-image-ratio-inherit'><img loading=\"lazy\" decoding=\"async\" width=\"1024\" height=\"1024\" src=\"https:\/\/cidadeemalta.com.br\/wp-content\/uploads\/2026\/08\/image-14-1024x1024.png\" class=\"attachment-large size-large\" alt=\"\" srcset=\"https:\/\/cidadeemalta.com.br\/wp-content\/uploads\/2026\/08\/image-14-1024x1024.png 1024w, https:\/\/cidadeemalta.com.br\/wp-content\/uploads\/2026\/08\/image-14-300x300.png 300w, https:\/\/cidadeemalta.com.br\/wp-content\/uploads\/2026\/08\/image-14-150x150.png 150w, https:\/\/cidadeemalta.com.br\/wp-content\/uploads\/2026\/08\/image-14-768x768.png 768w, https:\/\/cidadeemalta.com.br\/wp-content\/uploads\/2026\/08\/image-14-12x12.png 12w, https:\/\/cidadeemalta.com.br\/wp-content\/uploads\/2026\/08\/image-14.png 1254w\" sizes=\"auto, (max-width: 1024px) 100vw, 1024px\" \/>\t\t\t\t\t<\/a>\n\t\t\t\t\t\t\t<\/div>\n\t\t\t\t\t\t<h4 class=\"uagb-post__title uagb-post__text\">\n\t\t\t\t<a href=\"https:\/\/cidadeemalta.com.br\/en\/cruz-alta-avanca-como-centro-de-formacao-em-seguranca-publica-com-formatura-de-180-bombeiros-temporarios\/\" target=\"_self\" rel=\"bookmark noopener noreferrer\">CRUZ ALTA AVAN\u00c7A COMO CENTRO DE FORMA\u00c7\u00c3O EM SEGURAN\u00c7A P\u00daBLICA COM FORMATURA DE 180 BOMBEIROS TEMPOR\u00c1RIOS<\/a>\n\t\t\t<\/h4>\n\t\t\t\t\t\t<div class='uagb-post__text uagb-post-grid-byline'>\n\t\t\t\t\t\t\t\t<time datetime=\"2026-08-30T16:19:35-03:00\" class=\"uagb-post__date\">\n\t\t\t\t<span class=\"dashicons-calendar dashicons\"><\/span>\t\t\t\t\t30 de August de 2026\t\t\t\t<\/time>\n\t\t\t\t\t\t\t<span class=\"uagb-post__comment\">\n\t\t\t\t<span class=\"dashicons-admin-comments dashicons\"><\/span>\t\t\t\t\tNo Comments\t\t\t\t<\/span>\n\t\t\t\t\t\t<\/div>\n\t\t\t\t\t\t\t<div class='uagb-post__text uagb-post__excerpt'>\n\t\t\t\t\t<p>Primeira de tr\u00eas turmas formadas no munic\u00edpio refor\u00e7a a proposta de consolidar Cruz Alta como&#8230;\t\t\t\t<\/div>\n\t\t\t\t\t\t<div class=\"uagb-post__text uagb-post__cta wp-block-button\">\n\t\t\t\t<a class=\"wp-block-button__link uagb-text-link\" style=\"\" href=\"https:\/\/cidadeemalta.com.br\/en\/cruz-alta-avanca-como-centro-de-formacao-em-seguranca-publica-com-formatura-de-180-bombeiros-temporarios\/\" target=\"_self\" rel=\"bookmark noopener noreferrer\">Read More<\/a>\n\t\t\t<\/div>\n\t\t\t\n\t\t\t\t\t\t\t\t\t<\/article>\n\t\t\t\t\t\t\t\t\t\t\t\t\t\t\t\t<article class=\"uagb-post__inner-wrap\">\t\t\t\t\t\t\t\t<div class='uagb-post__image'>\n\t\t\t\t\t\t\t\t\t<a href=\"https:\/\/cidadeemalta.com.br\/en\/o-vereador-joao-paulo-telles-participou-nesta-segunda-feira-24-de-evento-realizado-na-casa-de-cultura-de-cruz-alta-reunindo-autoridades-liderancas-e-a-comunidade\/\" target=\"_self\" rel=\"bookmark noopener noreferrer\" class='uagb-image-ratio-inherit'><img loading=\"lazy\" decoding=\"async\" width=\"800\" height=\"450\" src=\"https:\/\/cidadeemalta.com.br\/wp-content\/uploads\/2026\/08\/SITE-RADIO-CIDADE-POSTAGEM-NOTICIAS-16.png\" class=\"attachment-large size-large\" alt=\"\" srcset=\"https:\/\/cidadeemalta.com.br\/wp-content\/uploads\/2026\/08\/SITE-RADIO-CIDADE-POSTAGEM-NOTICIAS-16.png 800w, https:\/\/cidadeemalta.com.br\/wp-content\/uploads\/2026\/08\/SITE-RADIO-CIDADE-POSTAGEM-NOTICIAS-16-300x169.png 300w, https:\/\/cidadeemalta.com.br\/wp-content\/uploads\/2026\/08\/SITE-RADIO-CIDADE-POSTAGEM-NOTICIAS-16-768x432.png 768w, https:\/\/cidadeemalta.com.br\/wp-content\/uploads\/2026\/08\/SITE-RADIO-CIDADE-POSTAGEM-NOTICIAS-16-18x10.png 18w\" sizes=\"auto, (max-width: 800px) 100vw, 800px\" \/>\t\t\t\t\t<\/a>\n\t\t\t\t\t\t\t<\/div>\n\t\t\t\t\t\t<h4 class=\"uagb-post__title uagb-post__text\">\n\t\t\t\t<a href=\"https:\/\/cidadeemalta.com.br\/en\/o-vereador-joao-paulo-telles-participou-nesta-segunda-feira-24-de-evento-realizado-na-casa-de-cultura-de-cruz-alta-reunindo-autoridades-liderancas-e-a-comunidade\/\" target=\"_self\" rel=\"bookmark noopener noreferrer\">O vereador Jo\u00e3o Paulo Telles participou nesta segunda-feira (24) de evento realizado na Casa de Cultura de Cruz Alta, reunindo autoridades, lideran\u00e7as e a comunidade.<\/a>\n\t\t\t<\/h4>\n\t\t\t\t\t\t<div class='uagb-post__text uagb-post-grid-byline'>\n\t\t\t\t\t\t\t\t<time datetime=\"2026-08-24T16:43:44-03:00\" class=\"uagb-post__date\">\n\t\t\t\t<span class=\"dashicons-calendar dashicons\"><\/span>\t\t\t\t\t24 de August de 2026\t\t\t\t<\/time>\n\t\t\t\t\t\t\t<span class=\"uagb-post__comment\">\n\t\t\t\t<span class=\"dashicons-admin-comments dashicons\"><\/span>\t\t\t\t\tNo Comments\t\t\t\t<\/span>\n\t\t\t\t\t\t<\/div>\n\t\t\t\t\t\t\t<div class='uagb-post__text uagb-post__excerpt'>\n\t\t\t\t\t<p>Hoje tive a satisfa\u00e7\u00e3o de participar das atividades da Semana Municipal da Pessoa com Defici\u00eancia&#8230;\t\t\t\t<\/div>\n\t\t\t\t\t\t<div class=\"uagb-post__text uagb-post__cta wp-block-button\">\n\t\t\t\t<a class=\"wp-block-button__link uagb-text-link\" style=\"\" href=\"https:\/\/cidadeemalta.com.br\/en\/o-vereador-joao-paulo-telles-participou-nesta-segunda-feira-24-de-evento-realizado-na-casa-de-cultura-de-cruz-alta-reunindo-autoridades-liderancas-e-a-comunidade\/\" target=\"_self\" rel=\"bookmark noopener noreferrer\">Read More<\/a>\n\t\t\t<\/div>\n\t\t\t\n\t\t\t\t\t\t\t\t\t<\/article>\n\t\t\t\t\t\t\t\t\t\t\t\t\t\t\t\t<article class=\"uagb-post__inner-wrap\">\t\t\t\t\t\t\t\t<div class='uagb-post__image'>\n\t\t\t\t\t\t\t\t\t<a href=\"https:\/\/cidadeemalta.com.br\/en\/486-2\/\" target=\"_self\" rel=\"bookmark noopener noreferrer\" class='uagb-image-ratio-inherit'><img loading=\"lazy\" decoding=\"async\" width=\"1024\" height=\"613\" src=\"https:\/\/cidadeemalta.com.br\/wp-content\/uploads\/2026\/08\/image-13-1024x613.png\" class=\"attachment-large size-large\" alt=\"\" srcset=\"https:\/\/cidadeemalta.com.br\/wp-content\/uploads\/2026\/08\/image-13-1024x613.png 1024w, https:\/\/cidadeemalta.com.br\/wp-content\/uploads\/2026\/08\/image-13-300x180.png 300w, https:\/\/cidadeemalta.com.br\/wp-content\/uploads\/2026\/08\/image-13-766x459.png 766w, https:\/\/cidadeemalta.com.br\/wp-content\/uploads\/2026\/08\/image-13-18x11.png 18w, https:\/\/cidadeemalta.com.br\/wp-content\/uploads\/2026\/08\/image-13-1536x920.png 1536w, https:\/\/cidadeemalta.com.br\/wp-content\/uploads\/2026\/08\/image-13.png 2042w\" sizes=\"auto, (max-width: 1024px) 100vw, 1024px\" \/>\t\t\t\t\t<\/a>\n\t\t\t\t\t\t\t<\/div>\n\t\t\t\t\t\t<h4 class=\"uagb-post__title uagb-post__text\">\n\t\t\t\t<a href=\"https:\/\/cidadeemalta.com.br\/en\/486-2\/\" target=\"_self\" rel=\"bookmark noopener noreferrer\"><\/a>\n\t\t\t<\/h4>\n\t\t\t\t\t\t<div class='uagb-post__text uagb-post-grid-byline'>\n\t\t\t\t\t\t\t\t<time datetime=\"2026-08-24T16:21:54-03:00\" class=\"uagb-post__date\">\n\t\t\t\t<span class=\"dashicons-calendar dashicons\"><\/span>\t\t\t\t\t24 de August de 2026\t\t\t\t<\/time>\n\t\t\t\t\t\t\t<span class=\"uagb-post__comment\">\n\t\t\t\t<span class=\"dashicons-admin-comments dashicons\"><\/span>\t\t\t\t\tNo Comments\t\t\t\t<\/span>\n\t\t\t\t\t\t<\/div>\n\t\t\t\t\t\t\t<div class='uagb-post__text uagb-post__excerpt'>\n\t\t\t\t\t<p>Evento realizado na Casa de Cultura reuniu representantes da Administra\u00e7\u00e3o Municipal, C\u00e2mara de Vereadores, secretarias,&#8230;\t\t\t\t<\/div>\n\t\t\t\t\t\t<div class=\"uagb-post__text uagb-post__cta wp-block-button\">\n\t\t\t\t<a class=\"wp-block-button__link uagb-text-link\" style=\"\" href=\"https:\/\/cidadeemalta.com.br\/en\/486-2\/\" target=\"_self\" rel=\"bookmark noopener noreferrer\">Read More<\/a>\n\t\t\t<\/div>\n\t\t\t\n\t\t\t\t\t\t\t\t\t<\/article>\n\t\t\t\t\t\t\t\t\t\t\t\t\t\t\t\t<article class=\"uagb-post__inner-wrap\">\t\t\t\t\t\t\t\t<div class='uagb-post__image'>\n\t\t\t\t\t\t\t\t\t<a href=\"https:\/\/cidadeemalta.com.br\/en\/cruz-alta-celebra-205-anos-com-chegada-da-centelha-do-fogo-da-patria-e-grande-programacao-na-praca\/\" target=\"_self\" rel=\"bookmark noopener noreferrer\" class='uagb-image-ratio-inherit'><img loading=\"lazy\" decoding=\"async\" width=\"1024\" height=\"576\" src=\"https:\/\/cidadeemalta.com.br\/wp-content\/uploads\/2026\/08\/image-8-1024x576.png\" class=\"attachment-large size-large\" alt=\"Not\u00edcias de Cruz Alta: celebra\u00e7\u00e3o dos 205 anos e chegada da Centelha do Fogo da P\u00e1tria\" srcset=\"https:\/\/cidadeemalta.com.br\/wp-content\/uploads\/2026\/08\/image-8-1024x576.png 1024w, https:\/\/cidadeemalta.com.br\/wp-content\/uploads\/2026\/08\/image-8-300x169.png 300w, https:\/\/cidadeemalta.com.br\/wp-content\/uploads\/2026\/08\/image-8-768x432.png 768w, https:\/\/cidadeemalta.com.br\/wp-content\/uploads\/2026\/08\/image-8-1536x864.png 1536w, https:\/\/cidadeemalta.com.br\/wp-content\/uploads\/2026\/08\/image-8-18x10.png 18w, https:\/\/cidadeemalta.com.br\/wp-content\/uploads\/2026\/08\/image-8.png 1672w\" sizes=\"auto, (max-width: 1024px) 100vw, 1024px\" \/>\t\t\t\t\t<\/a>\n\t\t\t\t\t\t\t<\/div>\n\t\t\t\t\t\t<h4 class=\"uagb-post__title uagb-post__text\">\n\t\t\t\t<a href=\"https:\/\/cidadeemalta.com.br\/en\/cruz-alta-celebra-205-anos-com-chegada-da-centelha-do-fogo-da-patria-e-grande-programacao-na-praca\/\" target=\"_self\" rel=\"bookmark noopener noreferrer\">Cruz Alta celebra 205 anos com chegada da Centelha do Fogo da P\u00e1tria e grande programa\u00e7\u00e3o na Pra\u00e7a<\/a>\n\t\t\t<\/h4>\n\t\t\t\t\t\t<div class='uagb-post__text uagb-post-grid-byline'>\n\t\t\t\t\t\t\t\t<time datetime=\"2026-08-12T15:45:55-03:00\" class=\"uagb-post__date\">\n\t\t\t\t<span class=\"dashicons-calendar dashicons\"><\/span>\t\t\t\t\t12 de August de 2026\t\t\t\t<\/time>\n\t\t\t\t\t\t\t<span class=\"uagb-post__comment\">\n\t\t\t\t<span class=\"dashicons-admin-comments dashicons\"><\/span>\t\t\t\t\tNo Comments\t\t\t\t<\/span>\n\t\t\t\t\t\t<\/div>\n\t\t\t\t\t\t\t<div class='uagb-post__text uagb-post__excerpt'>\n\t\t\t\t\t<p>Evento no dia 16 de agosto reunir\u00e1 m\u00fasica, cultura, tradi\u00e7\u00e3o, projetos sociais e manifesta\u00e7\u00f5es c\u00edvicas&#8230;\t\t\t\t<\/div>\n\t\t\t\t\t\t<div class=\"uagb-post__text uagb-post__cta wp-block-button\">\n\t\t\t\t<a class=\"wp-block-button__link uagb-text-link\" style=\"\" href=\"https:\/\/cidadeemalta.com.br\/en\/cruz-alta-celebra-205-anos-com-chegada-da-centelha-do-fogo-da-patria-e-grande-programacao-na-praca\/\" target=\"_self\" rel=\"bookmark noopener noreferrer\">Read More<\/a>\n\t\t\t<\/div>\n\t\t\t\n\t\t\t\t\t\t\t\t\t<\/article>\n\t\t\t\t\t\t\t\t\t\t\t\t\t\t\t\t<article class=\"uagb-post__inner-wrap\">\t\t\t\t\t\t\t\t<div class='uagb-post__image'>\n\t\t\t\t\t\t\t\t\t<a href=\"https:\/\/cidadeemalta.com.br\/en\/extremo-sul-do-rs-enfrenta-cinco-dias-sem-energia-apos-ciclone\/\" target=\"_self\" rel=\"bookmark noopener noreferrer\" class='uagb-image-ratio-inherit'><img loading=\"lazy\" decoding=\"async\" width=\"1024\" height=\"819\" src=\"https:\/\/cidadeemalta.com.br\/wp-content\/uploads\/2026\/08\/ChatGPT-Image-12-de-ago.-de-2026-12_15_26-1024x819.png\" class=\"attachment-large size-large\" alt=\"\" srcset=\"https:\/\/cidadeemalta.com.br\/wp-content\/uploads\/2026\/08\/ChatGPT-Image-12-de-ago.-de-2026-12_15_26-1024x819.png 1024w, https:\/\/cidadeemalta.com.br\/wp-content\/uploads\/2026\/08\/ChatGPT-Image-12-de-ago.-de-2026-12_15_26-300x240.png 300w, https:\/\/cidadeemalta.com.br\/wp-content\/uploads\/2026\/08\/ChatGPT-Image-12-de-ago.-de-2026-12_15_26-768x615.png 768w, https:\/\/cidadeemalta.com.br\/wp-content\/uploads\/2026\/08\/ChatGPT-Image-12-de-ago.-de-2026-12_15_26-15x12.png 15w, https:\/\/cidadeemalta.com.br\/wp-content\/uploads\/2026\/08\/ChatGPT-Image-12-de-ago.-de-2026-12_15_26.png 1402w\" sizes=\"auto, (max-width: 1024px) 100vw, 1024px\" \/>\t\t\t\t\t<\/a>\n\t\t\t\t\t\t\t<\/div>\n\t\t\t\t\t\t<h4 class=\"uagb-post__title uagb-post__text\">\n\t\t\t\t<a href=\"https:\/\/cidadeemalta.com.br\/en\/extremo-sul-do-rs-enfrenta-cinco-dias-sem-energia-apos-ciclone\/\" target=\"_self\" rel=\"bookmark noopener noreferrer\">Extremo sul do RS enfrenta cinco dias sem energia ap\u00f3s ciclone<\/a>\n\t\t\t<\/h4>\n\t\t\t\t\t\t<div class='uagb-post__text uagb-post-grid-byline'>\n\t\t\t\t\t\t\t\t<time datetime=\"2026-08-12T15:38:25-03:00\" class=\"uagb-post__date\">\n\t\t\t\t<span class=\"dashicons-calendar dashicons\"><\/span>\t\t\t\t\t12 de August de 2026\t\t\t\t<\/time>\n\t\t\t\t\t\t\t<span class=\"uagb-post__comment\">\n\t\t\t\t<span class=\"dashicons-admin-comments dashicons\"><\/span>\t\t\t\t\tNo Comments\t\t\t\t<\/span>\n\t\t\t\t\t\t<\/div>\n\t\t\t\t\t\t\t<div class='uagb-post__text uagb-post__excerpt'>\n\t\t\t\t\t<p>Mais de 20 mil consumidores s\u00e3o afetados em Santa Vit\u00f3ria do Palmar e Chu\u00ed; opera\u00e7\u00e3o&#8230;\t\t\t\t<\/div>\n\t\t\t\t\t\t<div class=\"uagb-post__text uagb-post__cta wp-block-button\">\n\t\t\t\t<a class=\"wp-block-button__link uagb-text-link\" style=\"\" href=\"https:\/\/cidadeemalta.com.br\/en\/extremo-sul-do-rs-enfrenta-cinco-dias-sem-energia-apos-ciclone\/\" target=\"_self\" rel=\"bookmark noopener noreferrer\">Read More<\/a>\n\t\t\t<\/div>\n\t\t\t\n\t\t\t\t\t\t\t\t\t<\/article>\n\t\t\t\t\t\t\t\t\t\t\t\t\t\t\t\t<article class=\"uagb-post__inner-wrap\">\t\t\t\t\t\t\t\t<div class='uagb-post__image'>\n\t\t\t\t\t\t\t\t\t<a href=\"https:\/\/cidadeemalta.com.br\/en\/11o-mamaco-cruz-altense-mobiliza-familias-e-reforca-importancia-do-apoio-a-amamentacao\/\" target=\"_self\" rel=\"bookmark noopener noreferrer\" class='uagb-image-ratio-inherit'><img loading=\"lazy\" decoding=\"async\" width=\"800\" height=\"450\" src=\"https:\/\/cidadeemalta.com.br\/wp-content\/uploads\/2026\/08\/SITE-RADIO-CIDADE-POSTAGEM-NOTICIAS.png\" class=\"attachment-large size-large\" alt=\"\" srcset=\"https:\/\/cidadeemalta.com.br\/wp-content\/uploads\/2026\/08\/SITE-RADIO-CIDADE-POSTAGEM-NOTICIAS.png 800w, https:\/\/cidadeemalta.com.br\/wp-content\/uploads\/2026\/08\/SITE-RADIO-CIDADE-POSTAGEM-NOTICIAS-300x169.png 300w, https:\/\/cidadeemalta.com.br\/wp-content\/uploads\/2026\/08\/SITE-RADIO-CIDADE-POSTAGEM-NOTICIAS-768x432.png 768w, https:\/\/cidadeemalta.com.br\/wp-content\/uploads\/2026\/08\/SITE-RADIO-CIDADE-POSTAGEM-NOTICIAS-18x10.png 18w\" sizes=\"auto, (max-width: 800px) 100vw, 800px\" \/>\t\t\t\t\t<\/a>\n\t\t\t\t\t\t\t<\/div>\n\t\t\t\t\t\t<h4 class=\"uagb-post__title uagb-post__text\">\n\t\t\t\t<a href=\"https:\/\/cidadeemalta.com.br\/en\/11o-mamaco-cruz-altense-mobiliza-familias-e-reforca-importancia-do-apoio-a-amamentacao\/\" target=\"_self\" rel=\"bookmark noopener noreferrer\">11\u00ba Mama\u00e7o Cruz-altense mobiliza fam\u00edlias e refor\u00e7a import\u00e2ncia do apoio \u00e0 amamenta\u00e7\u00e3o<\/a>\n\t\t\t<\/h4>\n\t\t\t\t\t\t<div class='uagb-post__text uagb-post-grid-byline'>\n\t\t\t\t\t\t\t\t<time datetime=\"2026-08-11T15:39:06-03:00\" class=\"uagb-post__date\">\n\t\t\t\t<span class=\"dashicons-calendar dashicons\"><\/span>\t\t\t\t\t11 de August de 2026\t\t\t\t<\/time>\n\t\t\t\t\t\t\t<span class=\"uagb-post__comment\">\n\t\t\t\t<span class=\"dashicons-admin-comments dashicons\"><\/span>\t\t\t\t\tNo Comments\t\t\t\t<\/span>\n\t\t\t\t\t\t<\/div>\n\t\t\t\t\t\t\t<div class='uagb-post__text uagb-post__excerpt'>\n\t\t\t\t\t<p>Cruz Alta promoveu na sexta-feira, 7 de agosto, a 11\u00aa edi\u00e7\u00e3o do Mama\u00e7o Cruz-altense, iniciativa&#8230;\t\t\t\t<\/div>\n\t\t\t\t\t\t<div class=\"uagb-post__text uagb-post__cta wp-block-button\">\n\t\t\t\t<a class=\"wp-block-button__link uagb-text-link\" style=\"\" href=\"https:\/\/cidadeemalta.com.br\/en\/11o-mamaco-cruz-altense-mobiliza-familias-e-reforca-importancia-do-apoio-a-amamentacao\/\" target=\"_self\" rel=\"bookmark noopener noreferrer\">Read More<\/a>\n\t\t\t<\/div>\n\t\t\t\n\t\t\t\t\t\t\t\t\t<\/article>\n\t\t\t\t\t\t\t\t\t\t\t<\/div>","protected":false},"excerpt":{"rendered":"","protected":false},"author":1,"featured_media":0,"parent":0,"menu_order":0,"comment_status":"closed","ping_status":"closed","template":"","meta":{"_uag_custom_page_level_css":"","_monsterinsights_skip_tracking":false,"_uf_show_specific_survey":0,"_uf_disable_surveys":false,"site-sidebar-layout":"default","site-content-layout":"","ast-site-content-layout":"default","site-content-style":"default","site-sidebar-style":"default","ast-global-header-display":"","ast-banner-title-visibility":"","ast-main-header-display":"","ast-hfb-above-header-display":"","ast-hfb-below-header-display":"","ast-hfb-mobile-header-display":"","site-post-title":"","ast-breadcrumbs-content":"","ast-featured-img":"","footer-sml-layout":"","ast-disable-related-posts":"","theme-transparent-header-meta":"","adv-header-id-meta":"","stick-header-meta":"","header-above-stick-meta":"","header-main-stick-meta":"","header-below-stick-meta":"","astra-migrate-meta-layouts":"default","ast-page-background-enabled":"default","ast-page-background-meta":{"desktop":{"background-color":"var(--ast-global-color-5)","background-image":"","background-repeat":"repeat","background-position":"center center","background-size":"auto","background-attachment":"scroll","background-type":"","background-media":"","overlay-type":"","overlay-color":"","overlay-opacity":"","overlay-gradient":""},"tablet":{"background-color":"","background-image":"","background-repeat":"repeat","background-position":"center center","background-size":"auto","background-attachment":"scroll","background-type":"","background-media":"","overlay-type":"","overlay-color":"","overlay-opacity":"","overlay-gradient":""},"mobile":{"background-color":"","background-image":"","background-repeat":"repeat","background-position":"center center","background-size":"auto","background-attachment":"scroll","background-type":"","background-media":"","overlay-type":"","overlay-color":"","overlay-opacity":"","overlay-gradient":""}},"ast-content-background-meta":{"desktop":{"background-color":"var(--ast-global-color-4)","background-image":"","background-repeat":"repeat","background-position":"center center","background-size":"auto","background-attachment":"scroll","background-type":"","background-media":"","overlay-type":"","overlay-color":"","overlay-opacity":"","overlay-gradient":""},"tablet":{"background-color":"var(--ast-global-color-4)","background-image":"","background-repeat":"repeat","background-position":"center center","background-size":"auto","background-attachment":"scroll","background-type":"","background-media":"","overlay-type":"","overlay-color":"","overlay-opacity":"","overlay-gradient":""},"mobile":{"background-color":"var(--ast-global-color-4)","background-image":"","background-repeat":"repeat","background-position":"center center","background-size":"auto","background-attachment":"scroll","background-type":"","background-media":"","overlay-type":"","overlay-color":"","overlay-opacity":"","overlay-gradient":""}},"footnotes":""},"class_list":["post-271","page","type-page","status-publish","hentry"],"aioseo_notices":[],"uagb_featured_image_src":{"full":false,"thumbnail":false,"medium":false,"medium_large":false,"large":false,"1536x1536":false,"2048x2048":false,"trp-custom-language-flag":false},"uagb_author_info":{"display_name":"Adeildo Bueno | Cidade em Alta","author_link":"https:\/\/cidadeemalta.com.br\/en\/author\/cidadeemalta2026\/"},"uagb_comment_info":0,"uagb_excerpt":null,"_links":{"self":[{"href":"https:\/\/cidadeemalta.com.br\/en\/wp-json\/wp\/v2\/pages\/271","targetHints":{"allow":["GET"]}}],"collection":[{"href":"https:\/\/cidadeemalta.com.br\/en\/wp-json\/wp\/v2\/pages"}],"about":[{"href":"https:\/\/cidadeemalta.com.br\/en\/wp-json\/wp\/v2\/types\/page"}],"author":[{"embeddable":true,"href":"https:\/\/cidadeemalta.com.br\/en\/wp-json\/wp\/v2\/users\/1"}],"replies":[{"embeddable":true,"href":"https:\/\/cidadeemalta.com.br\/en\/wp-json\/wp\/v2\/comments?post=271"}],"version-history":[{"count":6,"href":"https:\/\/cidadeemalta.com.br\/en\/wp-json\/wp\/v2\/pages\/271\/revisions"}],"predecessor-version":[{"id":286,"href":"https:\/\/cidadeemalta.com.br\/en\/wp-json\/wp\/v2\/pages\/271\/revisions\/286"}],"wp:attachment":[{"href":"https:\/\/cidadeemalta.com.br\/en\/wp-json\/wp\/v2\/media?parent=271"}],"curies":[{"name":"wp","href":"https:\/\/api.w.org\/{rel}","templated":true}]}}